{"id":4431,"date":"2024-03-02T14:57:38","date_gmt":"2024-03-02T13:57:38","guid":{"rendered":"https:\/\/www.claudia-klinger.de\/digidiary\/?page_id=4431"},"modified":"2024-03-04T18:22:28","modified_gmt":"2024-03-04T17:22:28","slug":"ueber","status":"publish","type":"page","link":"https:\/\/www.claudia-klinger.de\/digidiary\/ueber\/","title":{"rendered":"\u00dcber&#8230;"},"content":{"rendered":"<p><strong>Willkommen im Digital Diary!<\/strong><\/p>\n<p>Was ist das hier? Das Digital Diary ist ein 25 Jahre altes &#8222;Mischthemenblog&#8220; und &#8211; soweit ich wei\u00df &#8211; das \u00e4lteste deutschsprachige Blog, das seit dem Start durchweg aktiv war und immer noch ist. Der erste Artikel erschien <a href=\"https:\/\/www.claudia-klinger.de\/digidiary\/1999\/03\/03\/ein-besuch-in-der-psychatrie\/\" target=\"_blank\" rel=\"noopener\">am 3.3.1999<\/a>, alle Blogposts aus 25 Jahren sind online, nichts wird gel\u00f6scht. Die Optik hat sich seit dem Start nicht wesentlich ver\u00e4ndert, denn es ist mir wichtig, etwas Best\u00e4ndigkeit in Zeiten schneller Ver\u00e4nderungen zu vermitteln (\u00e4hnlich dem TATORT-Intro! :-)).<\/p>\n<p>Im Web publiziere ich seit 1996, dem Digital Diary gingen <a href=\"https:\/\/www.claudia-klinger.de\/digidiary\/2010\/03\/08\/aus-der-urzeit-des-webs-cyberzine-missing-link-eine-ausstellung\/\" target=\"_blank\" rel=\"noopener\">Vorl\u00e4ufer-Projekte<\/a> voraus, die jeweils ein bestimmtes Themenspektrum enthielten. Anstatt nun &#8211; entlang an meinen wechselnden Interessen &#8211; immer neue Webprojekte zu beginnen, meldete ich eine Domain unter eigenen Namen (<a href=\"https:\/\/www.claudia-klinger.de\/\" target=\"_blank\" rel=\"noopener\">claudia-klinger.de<\/a>) an, auch um Urheberrechtsstreitigkeiten zu vermeiden. Das &#8222;Digital Diary&#8220; bekam seinen eher allgemein gehaltenen Titel, der mir die Freiheit l\u00e4sst, zu allem zu bloggen, was mich bewegt.<\/p>\n<h2>Welche Themen kommen im Digital Diary vor?<\/h2>\n<p>Im Grunde alles, was mich bewegt. Zur Zeit gibt es die Kategorien<\/p>\n<style>\nli.hz1 {float:left;}<\/style>\n<ul>\n<li class=\"hz1\"><a href=\"https:\/\/www.claudia-klinger.de\/digidiary\/category\/alltag\/\" target=\"_blank\" rel=\"noopener\">Alltag<\/a><\/li>\n<li class=\"hz1\"><a href=\"https:\/\/www.claudia-klinger.de\/digidiary\/category\/autobiografisches\/\" target=\"_blank\" rel=\"noopener\">Autobiografisches<\/a><\/li>\n<li class=\"hz1\"><a href=\"https:\/\/www.claudia-klinger.de\/digidiary\/category\/gesund-leben\/\" target=\"_blank\" rel=\"noopener\">gesund leben<\/a><\/li>\n<li class=\"hz1\"><a href=\"https:\/\/www.claudia-klinger.de\/digidiary\/category\/kuenstliche-intelligenz\/\">K\u00fcnstliche Intelligenz (ChatGPT u.a.)<\/a><\/li>\n<li class=\"hz1\"><a href=\"https:\/\/www.claudia-klinger.de\/digidiary\/category\/konsum-blog\/\" target=\"_blank\" rel=\"noopener\">Konsum-Blog<\/a><\/li>\n<li class=\"hz1\"><a href=\"https:\/\/www.claudia-klinger.de\/digidiary\/category\/landleben-stadtleben\/\" target=\"_blank\" rel=\"noopener\">Landleben \/ Stadtleben<\/a><\/li>\n<li class=\"hz1\"><a href=\"https:\/\/www.claudia-klinger.de\/digidiary\/category\/leben-arbeiten\/\" target=\"_blank\" rel=\"noopener\">Leben &amp; Arbeiten<\/a><\/li>\n<li class=\"hz1\"><a href=\"https:\/\/www.claudia-klinger.de\/digidiary\/category\/selbsterkenntnis-lebenskunst-yoga\/\" target=\"_blank\" rel=\"noopener\">Lebenskunst, Philosophisches<\/a><\/li>\n<li class=\"hz1\"><a href=\"https:\/\/www.claudia-klinger.de\/digidiary\/category\/erotik-sex-beziehung\/\" target=\"_blank\" rel=\"noopener\">Liebe, Beziehung, Geschlecht<\/a><\/li>\n<li class=\"hz1\"><a href=\"https:\/\/www.claudia-klinger.de\/digidiary\/category\/buecher-tipps\/\" target=\"_blank\" rel=\"noopener\">Medien-Tipps<\/a><\/li>\n<li class=\"hz1\"><a href=\"https:\/\/www.claudia-klinger.de\/digidiary\/category\/netzwelt-bloggen-webdesign\/\" target=\"_blank\" rel=\"noopener\">Netzwelt<\/a><\/li>\n<li class=\"hz1\"><a href=\"https:\/\/www.claudia-klinger.de\/digidiary\/category\/schreiben-bloggen\/\" target=\"_blank\" rel=\"noopener\">Schreiben &amp; Bloggen<\/a><\/li>\n<li class=\"hz1\"><a href=\"https:\/\/www.claudia-klinger.de\/digidiary\/category\/wirtschaft-gesellschaft-politik\/\" target=\"_blank\" rel=\"noopener\">Weltgeschehen<\/a><\/li>\n<li class=\"hz1\"><a href=\"https:\/\/www.claudia-klinger.de\/digidiary\/category\/zeitgeist\/\" target=\"_blank\" rel=\"noopener\">Zeitgeist<\/a><\/li>\n<\/ul>\n<p>&nbsp;<\/p>\n<p style=\"clear: left;\">Als &#8222;Mischthemenblog&#8220; hat das Digital Diary in den Suchmaschinen einen schlechten Stand, die m\u00f6gen klare Schubladen lieber. Ich freue mich also sehr \u00fcber jede Verlinkung, sowohl in Blogrolls, in Blogposts als auch in sozialen Medien!<\/p>\n<h2>Stil: Pers\u00f6nlich, aber nicht &#8222;privat&#8220;<\/h2>\n<p>Ganz ohne pers\u00f6nliche Erlebnisse sind Texte wie meine hohl, weil sie ja gerade nicht als journalistisch oder akademisch-philosophisch ausformulierte und entsprechend \u201eabgest\u00fctzte\u201c Essays daherkommen. Pers\u00f6nliche Erlebnisse detailgetreu wiederzugeben, ist andrerseits nicht ohne weiteres m\u00f6glich: Freunde, Lebenspartner, Bekannte und Verwandte, alle privaten Online-Kontakte eingeschlossen, haben ein Recht auf Diskretion. Das Web zur intimen Klagemauer oder gar zur \u00d6ffentlichkeits-Waffe zu machen, um eigene negative Gef\u00fchle herauszulassen, liegt mir fern. Lieber lasse ich das Schreiben ganz, als dass ich Texte schreibe, die jemanden verletzen k\u00f6nnten.<\/p>\n<h2>Was bedeutet der Untertitel?<\/h2>\n<p>Der Untertitel des Digital Diarys &#8222;<strong>Vom Sinn des Lebens zum Buchstabengl\u00fcck<\/strong>&#8220; spielt auf meinen Hang zum Philosophieren an, dem ich in den Anfangsjahren ausgiebig fr\u00f6nte. Weil aber der &#8222;Sinn&#8220; nie ein f\u00fcr allemal gefunden werden kann, wohl aber das <a href=\"https:\/\/www.claudia-klinger.de\/digidiary\/2004\/06\/07\/vom-buchstabenglueck\/\" target=\"_blank\" rel=\"noopener\">&#8222;Buchstabengl\u00fcck&#8220;<\/a>, sollte das Diary gerne so hei\u00dfen. Das dauerte zun\u00e4chst nicht lange, denn im Lauf des Jahres 1999 zog ich nach Mecklenburg, <a href=\"https:\/\/www.claudia-klinger.de\/digidiary\/1999\/04\/26\/ich-ziehe-doch-aufs-land\/\" target=\"_blank\" rel=\"noopener\">raus aufs Land<\/a>. Also gab es zwei Jahre lang den Untertitel &#8222;<strong>Vom Leben auf dem Land und in den Netzen<\/strong>&#8222;, denn meine Landflucht w\u00e4re unm\u00f6glich gewesen, wenn ich nicht sowieso schon vom physischen Ort unabh\u00e4ngig gearbeitet h\u00e4tte (Schreiben, Webdesign, div. Projekte&#8230;).<\/p>\n<h2>Die Blogtechnik?<\/h2>\n<p>Gestartet noch mittels h\u00e4ndischer Programmierung, die sich im Lauf der Nullerjahre mehrfach ge\u00e4ndert hat, l\u00e4uft das Digital Diary seit 2006 auf WordPress. Das war eine gro\u00dfe Erleichterung, denn zuvor musste ich f\u00fcr einen einzigen Eintrag mehrere Dateien herstellen und erg\u00e4nzen, Code-Schnipsel einkopieren und manches mehr.<\/p>\n<h2>Texte \u00fcber das Schreiben<\/h2>\n<p>Hier ein paar Texte rund ums Bloggen und Schreiben aus meiner Sicht, ein niemals ganz ersch\u00f6pftes Thema:<\/p>\n<ul>\n<li><a href=\"https:\/\/www.claudia-klinger.de\/digidiary\/2020\/02\/17\/was-mich-zum-bloggen-motiviert\/\" target=\"_blank\" rel=\"noopener\">Was mich zum Bloggen motiviert (2020)<\/a><\/li>\n<li><a href=\"https:\/\/www.claudia-klinger.de\/digidiary\/2014\/02\/09\/vom-schreiben-das-innere-selbst-ausdruecken\/\" target=\"_blank\" rel=\"noopener\">Vom Schreiben: Das innere Selbst ausdr\u00fccken (2014)<\/a><\/li>\n<li><a href=\"https:\/\/www.claudia-klinger.de\/digidiary\/2012\/08\/06\/was-ich-nicht-schreiben-kann\/\" target=\"_blank\" rel=\"noopener\">Was ich nicht schreiben kann (2012)<\/a><\/li>\n<li><a href=\"https:\/\/www.claudia-klinger.de\/digidiary\/2006\/01\/23\/vom-schreiben-und-erkennen\/\" target=\"_blank\" rel=\"noopener\">Vom Schreiben und Erkennen (2006)<\/a><\/li>\n<\/ul>\n<h2>Ein paar &#8222;historische&#8220; Eintr\u00e4ge:<\/h2>\n<ul>\n<li>24.12.1999: <a href=\"https:\/\/www.claudia-klinger.de\/digidiary\/1999\/12\/24\/y2k-sehnsucht-nach-dem-chaos\/\" target=\"_blank\" rel=\"noopener\">Y2K: Sehnsucht nach dem CHAOS (Milleniumbug)<\/a><\/li>\n<li>18.09.2001 <a href=\"https:\/\/www.claudia-klinger.de\/digidiary\/2001\/09\/18\/vom-glueck-mitten-im-grauen\/\" target=\"_blank\" rel=\"noopener\">Vom Gl\u00fcck mitten im Grauen (9\/11)<\/a><\/li>\n<li>5.11.2008 <a href=\"https:\/\/www.claudia-klinger.de\/digidiary\/2008\/11\/05\/obamas-sieg\/\" target=\"_blank\" rel=\"noopener\">Obamas Sieg<\/a>, 20.9. <a href=\"http:\/\/Obama startet \u2013 wieviele gehen mit?\" target=\"_blank\" rel=\"noopener\">Obama startet, wie viele gehen mit?<\/a><\/li>\n<li>10.10.2008 <a href=\"https:\/\/www.claudia-klinger.de\/digidiary\/2008\/10\/10\/finanzkrise-klimakatastrophe-vogelgrippe\/#more-218\" target=\"_blank\" rel=\"noopener\">Finanzkrise, Klimakatastrophe, Vogelgrippe\u2026<\/a>, 27.10: <a href=\"https:\/\/www.claudia-klinger.de\/digidiary\/2008\/10\/27\/sieben-gruende-die-finanzkrise-zu-moegen\/\" target=\"_blank\" rel=\"noopener\">Sieben Gr\u00fcnde, die Finanzkrise zu m\u00f6gen<\/a>, 27.01.2009 <a href=\"https:\/\/www.claudia-klinger.de\/digidiary\/2009\/01\/27\/finanzkrise-krise-eines-lebensstils\/\" target=\"_blank\" rel=\"noopener\">Finanzkrise: Krise eines Lebensstils<\/a><\/li>\n<li>27.01.2011: <a href=\"https:\/\/www.claudia-klinger.de\/digidiary\/2011\/01\/27\/schluss-mit-dem-krieg-in-afghanistan\/#more-632\" target=\"_blank\" rel=\"noopener\">Schluss mit dem Krieg in Afghanistan!<\/a><\/li>\n<li>24.7.2011: <a href=\"https:\/\/www.claudia-klinger.de\/digidiary\/2011\/07\/24\/massenmord-fuer-die-aufmerksamkeit\/#more-723\" target=\"_blank\" rel=\"noopener\">Massenmord f\u00fcr die Aufmerksamkeit \u2013 zu den Attentaten in Oslo<\/a><\/li>\n<li>10.01.2015: <a href=\"https:\/\/www.claudia-klinger.de\/digidiary\/2015\/01\/10\/statt-wut-angst-oder-flucht-in-die-handarbeit-ja-was\/\" target=\"_blank\" rel=\"noopener\">Statt Wut, Angst oder Flucht in die Handarbeit \u2013 ja was? (Charlie Hebdo<\/a>)<br \/>\n<h1><\/h1>\n<\/li>\n<\/ul>\n<p>&nbsp;<\/p>\n<p>&nbsp;<\/p>\n<p>&nbsp;<\/p>\n<p>&nbsp;<\/p>","protected":false},"excerpt":{"rendered":"<p>Willkommen im Digital Diary! Was ist das hier? Das Digital Diary ist ein 25 Jahre altes &#8222;Mischthemenblog&#8220; und &#8211; soweit ich wei\u00df &#8211; das \u00e4lteste deutschsprachige Blog, das seit dem Start durchweg aktiv war und immer noch ist. Der erste Artikel erschien am 3.3.1999, alle Blogposts aus 25 Jahren sind online, nichts wird gel\u00f6scht. Die [&hellip;]<\/p>\n","protected":false},"author":1,"featured_media":0,"parent":0,"menu_order":0,"comment_status":"closed","ping_status":"closed","template":"","meta":[],"post_mailing_queue_ids":[],"_links":{"self":[{"href":"https:\/\/www.claudia-klinger.de\/digidiary\/wp-json\/wp\/v2\/pages\/4431"}],"collection":[{"href":"https:\/\/www.claudia-klinger.de\/digidiary\/wp-json\/wp\/v2\/pages"}],"about":[{"href":"https:\/\/www.claudia-klinger.de\/digidiary\/wp-json\/wp\/v2\/types\/page"}],"author":[{"embeddable":true,"href":"https:\/\/www.claudia-klinger.de\/digidiary\/wp-json\/wp\/v2\/users\/1"}],"replies":[{"embeddable":true,"href":"https:\/\/www.claudia-klinger.de\/digidiary\/wp-json\/wp\/v2\/comments?post=4431"}],"version-history":[{"count":0,"href":"https:\/\/www.claudia-klinger.de\/digidiary\/wp-json\/wp\/v2\/pages\/4431\/revisions"}],"wp:attachment":[{"href":"https:\/\/www.claudia-klinger.de\/digidiary\/wp-json\/wp\/v2\/media?parent=4431"}],"curies":[{"name":"wp","href":"https:\/\/api.w.org\/{rel}","templated":true}]}}